{"id":48912,"date":"2025-07-29T11:59:50","date_gmt":"2025-07-29T09:59:50","guid":{"rendered":"https:\/\/www.paysdesecrins.com\/toegang-en-shuttles\/trein\/"},"modified":"2025-07-29T13:45:15","modified_gmt":"2025-07-29T11:45:15","slug":"trein","status":"publish","type":"page","link":"https:\/\/www.paysdesecrins.com\/nl\/ik-kies\/toegang-en-shuttles\/trein\/","title":{"rendered":"Trein"},"content":{"rendered":"    <div class=\"alignfull wp-block-ws-library-ws-header-interne\">\n\t    <div class=\"header-container\">\n\t        <div class=\"group-media has-image\">\n\t            \t                <img loading=\"lazy\" decoding=\"async\" width=\"1920\" height=\"800\" src=\"https:\/\/www.paysdesecrins.com\/wp-content\/uploads\/2025\/07\/argentiere-la-bessee-27-1920x800.jpg\" alt=\"\" class=\"image_large_square wp-image-48904\" \/>\n\t            \t        <\/div>\n\t        <div class=\"group-content\">\n\t            <div class=\"title\">\n\t                <h1>\n\t                    Trein\t                    \t                <\/h1>\n\t            <\/div>\n\t        <\/div>\n\t    <\/div>\n\t    \n<div class=\"yoast-breadcrumbs\"><span><span><a href=\"https:\/\/www.paysdesecrins.com\/nl\/de-titel-van-het-huis\/\">Accueil<\/a><\/span>  <span><a href=\"https:\/\/www.paysdesecrins.com\/nl\/ik-kies\/\">Ik kies<\/a><\/span>  <span><a href=\"https:\/\/www.paysdesecrins.com\/nl\/ik-kies\/toegang-en-shuttles\/\">Toegang en vervoer<\/a><\/span>  <span class=\"breadcrumb_last\" aria-current=\"page\">Trein<\/span><\/span><\/div>\n    <\/div>\n    \n<div class=\"wp-block-ws-library-ws-title aligncenter is-style-simple\"><h2>Om met de trein, bus en carpool naar het Pays des \u00c9crins te gaan, het is hier!<\/h2><\/div>\n\n<div class=\"wp-block-ws-library-ws-image\"><div class=\"wrapper\"><div class=\"group-media\"><img decoding=\"async\" src=\"https:\/\/www.paysdesecrins.com\/wp-content\/uploads\/2025\/07\/1641379789-284411649-960x406.jpg\" alt=\"\" class=\"single_image ws-image-48695\"><div class=\"credits\"><\/div><\/div><p class=\"caption\"><\/p><\/div><\/div>\n\n<div class=\"wp-block-ws-library-ws-title\"><h3><em>Naar het Pays des \u00c9crins komen met de<\/em>trein, bus en carpooling!<\/h3><\/div>\n\n<p>U kunt bijvoorbeeld direct uw tickets vinden voor: <a href=\"https:\/\/www.tictactrip.eu\/search\/paris\/largentiere-les-ecrins?utm_source=paysdesecrins.com&amp;utm_medium=referral&amp;utm_campaign=BL-FR-SKI-PAYS-DES-ECRINS\" target=\"_blank\" rel=\"noreferrer noopener\">Parijs \u2013 L&#8217;Argenti\u00e8re-les-\u00c9crins<\/a>, <a href=\"https:\/\/www.tictactrip.eu\/search\/lyon\/largentiere-les-ecrins?utm_source=paysdesecrins.com&amp;utm_medium=referral&amp;utm_campaign=BL-FR-SKI-PAYS-DES-ECRINS\" target=\"_blank\" rel=\"noreferrer noopener\">trein Marseille \u2013 L&#8217;Argenti\u00e8re-les-\u00c9crins <\/a>, of bus <a href=\"https:\/\/www.tictactrip.eu\/search\/cluses\/largentiere-les-ecrins?utm_source=paysdesecrins.com&amp;utm_medium=referral&amp;utm_campaign=BL-FR-SKI-PAYS-DES-ECRINS\" target=\"_blank\" rel=\"noreferrer noopener\">Chamb\u00e9ry \u2013 L&#8217;Argenti\u00e8re-les-\u00c9crins<\/a> en nog veel meer&#8230;<\/p>\n<p><a href=\"https:\/\/www.tictactrip.eu\" id=\"ttt-widget\" data-iframe-partnerId=\"WB-SKI-PAYS-DES-ECRINS\">. <\/a><br \/>\n<script async type=\"text\/javascript\" src=\"https:\/\/widgetbooking.tictactrip.eu\/index.js\"><\/script><\/p>\n\n<p>Het Pays des \u00c9crins wordt bediend door slechts \u00e9\u00e9n treinstation: <strong><a href=\"https:\/\/www.oui.sncf\/gares\/l-argentiere-les-ecrins\" target=\"_blank\" rel=\"noreferrer noopener\">Argenti\u00e8re les \u00c9crins<\/a><\/strong>. Eenmaal aangekomen op het station kunnen shuttles of taxi&#8217;s u naar de verschillende gemeenten in de omgeving brengen. <\/p>\n\n<div class=\"wp-block-ws-library-ws-columns alignwide has-2-columns are-vertically-aligned-center layout-5050 is-style-background\">\n<div class=\"wp-block-ws-library-ws-column\"><div class=\"wrapper\">\n<div class=\"wp-block-ws-library-ws-title\"><h3><strong>Vanuit Parijs<\/strong><\/h3><\/div>\n\n\n\n<ul class=\"wp-block-list\">\n<li>TGV Parijs \u2013 Marseille, dan TER Marseille \u2013 l&#8217;Argenti\u00e8re les \u00c9crins<\/li>\n<\/ul>\n\n\n\n<ul class=\"wp-block-list\">\n<li>TGV Parijs \u2013 Valence, dan bus Valence \u2013 l&#8217;Argenti\u00e8re les \u00c9crins<\/li>\n<\/ul>\n\n\n\n<p>Mogelijkheid van Intercit\u00e9 Paris-Brian\u00e7on en TGV Parijs-Oulx nachttreinen. Wij raden u aan om contact op te nemen met de SNCF voor meer informatie, omdat de lijnen vaak worden onderbroken vanwege werkzaamheden. Informatie en reservering bij de SNCF vindt u hier: <a href=\"https:\/\/www.sncf-connect.com\/\" target=\"_blank\" rel=\"noreferrer noopener\">https:\/\/www.sncf-connect.com\/<\/a>  <\/p>\n<\/div><\/div>\n\n\n\n<div class=\"wp-block-ws-library-ws-column\"><div class=\"wrapper\">\n<div class=\"wp-block-ws-library-ws-image\"><div class=\"wrapper\"><div class=\"group-media\"><img decoding=\"async\" src=\"https:\/\/www.paysdesecrins.com\/wp-content\/uploads\/2025\/07\/argentiere-la-bessee-44-960x640.jpg\" alt=\"\" class=\"single_image ws-image-48915\"><div class=\"credits\"><\/div><\/div><p class=\"caption\"><\/p><\/div><\/div>\n<\/div><\/div>\n<\/div>\n\n<div class=\"wp-block-ws-library-ws-title\"><h3><em>Vanuit<\/em>Grenoble  <br><\/h3><\/div>\n\n<p>Neem de trein naar Clelles-Mens. Aan het eindpunt brengt een bus naar Gap u naar Veynes-D\u00e9voluy. Bij deze halte neemt u de trein naar Brian\u00e7on en stopt u bij het station Argenti\u00e8re les \u00c9crins.    <\/p>\n\n<div style=\"height:0px\" aria-hidden=\"true\" class=\"wp-block-spacer\"><\/div>\n\n<div class=\"wp-block-ws-library-ws-title\"><h3><em>Vanuit<\/em><strong>Marseille<\/strong><\/h3><\/div>\n\n<p>Neem een bus van Marseille St Charles naar Gap. Een trein naar Brian\u00e7on brengt u naar Argenti\u00e8re les \u00c9crins. <\/p>\n\n<div style=\"height:0px\" aria-hidden=\"true\" class=\"wp-block-spacer\"><\/div>\n\n<p><em><strong>Hieronder vindt u de TER-dienstregelingen<\/strong><\/em> :  <\/p>\n\n<div class=\"wp-block-ws-library-ws-documents\">\n<div class=\"wp-block-ws-library-ws-document\"><a href=\"https:\/\/www.paysdesecrins.com\/wp-content\/uploads\/2025\/07\/zouler-ligne50-navettes-blanches-2025-2.pdf\" target=\"_blank\" rel=\"noopener noreferrer\" class=\"link-document\">Zou_ligne50_Navettes-blancheer-2025<\/a><\/div>\n\n\n\n<div class=\"wp-block-ws-library-ws-document\"><a href=\"https:\/\/www.paysdesecrins.com\/wp-content\/uploads\/2025\/07\/zouler-ligne55-briancon-grenoble-via-serre-chevalier-ete-2025-1.pdf\" target=\"_blank\" rel=\"noopener noreferrer\" class=\"link-document\">Zou_ligne55_Brian\u00e7on-Grenoble<\/a><\/div>\n\n\n\n<div class=\"wp-block-ws-library-ws-document\"><a href=\"https:\/\/www.paysdesecrins.com\/wp-content\/uploads\/2025\/07\/zouler-ligne69-marseille-briancon-via-manosque-sisteron-gap-sept-2024-v2.pdf\" target=\"_blank\" rel=\"noopener noreferrer\" class=\"link-document\">Zou_ligne69_Marseille-Brian\u00e7on-via-Manosque-Sisteron-Gap<\/a><\/div>\n\n\n\n<div class=\"wp-block-ws-library-ws-document\"><a href=\"https:\/\/www.paysdesecrins.com\/wp-content\/uploads\/2025\/07\/ter-13-marseille-aix-gap-brianasson-du-15-daccembre-2024-au-7-septembre-2025-20241126-1.pdf\" target=\"_blank\" rel=\"noopener noreferrer\" class=\"link-document\">TER-13_Marseille-Aix-Gap-Brian\u00e7on<\/a><\/div>\n\n\n\n<div class=\"wp-block-ws-library-ws-document\"><a href=\"https:\/\/www.paysdesecrins.com\/wp-content\/uploads\/2025\/07\/ter-14-romans-valence-gap-briancon-du-15-daccembre-2025-au-28-septembre-2025-20241217.pdf\" target=\"_blank\" rel=\"noopener noreferrer\" class=\"link-document\">TER-14_Romans-Valence-Gap-Brian\u00e7on<\/a><\/div>\n\n\n\n<div class=\"wp-block-ws-library-ws-document\"><a href=\"https:\/\/www.paysdesecrins.com\/wp-content\/uploads\/2025\/07\/horaires-ligne-63-grenoble-gap.pdf\" target=\"_blank\" rel=\"noopener noreferrer\" class=\"link-document\">Dienstregeling lijn 63 Grenoble-Gap<\/a><\/div>\n<\/div>\n\n<div class=\"wp-block-ws-library-ws-title\"><h4><strong>Treinlijn<\/strong><\/h4><\/div>\n\n<p>Je kunt ook de website van <strong><a href=\"https:\/\/www.thetrainline.com\/fr\" target=\"_blank\" rel=\"noreferrer noopener\">Trainline<\/a> <\/strong>bezoeken om de treinen en\/of bussen te vinden die het beste bij je reis passen.<\/p>\n\n<p class=\"has-text-align-center\">Ik handel voor de planeet door hier mijn ecologische voetafdruk <a href=\"https:\/\/agirpourlatransition.ademe.fr\/particuliers\/bureau\/deplacements\/calculer-emissions-carbone-trajets\" target=\"_blank\" rel=\"noreferrer noopener\">te<\/a> berekenen en\/of <a href=\"https:\/\/nosgestesclimat.fr\/\" target=\"_blank\" rel=\"noreferrer noopener\">hier<\/a> te compenseren.<\/p>\n\n<div class=\"wp-block-ws-library-ws-share\"><span class=\"share-subtitle\">Vond je deze pagina leuk?<\/span><span class=\"share-title\">Deel het!<\/span><button class=\"ws-share-button wp-element-button\">Deel deze pagina<\/button><\/div>\n","protected":false},"excerpt":{"rendered":"<p>U kunt bijvoorbeeld direct uw tickets vinden voor: Parijs \u2013 L&#8217;Argenti\u00e8re-les-\u00c9crins, trein Marseille \u2013 L&#8217;Argenti\u00e8re-les-\u00c9crins , of bus Chamb\u00e9ry \u2013 [&hellip;]<\/p>\n","protected":false},"author":9,"featured_media":48905,"parent":45936,"menu_order":0,"comment_status":"closed","ping_status":"closed","template":"","meta":{"_thumbnail_id_2":0,"summer_excerpt":"","season":"","station":"","footnotes":""},"class_list":["post-48912","page","type-page","status-publish","has-post-thumbnail","hentry"],"yoast_head":"<!-- This site is optimized with the Yoast SEO plugin v27.3 - https:\/\/yoast.com\/product\/yoast-seo-wordpress\/ -->\n<title>Trein - Pays des \u00c9crins - Office de Tourisme<\/title>\n<meta name=\"robots\" content=\"index, follow, max-snippet:-1, max-image-preview:large, max-video-preview:-1\" \/>\n<link rel=\"canonical\" href=\"https:\/\/www.paysdesecrins.com\/nl\/ik-kies\/toegang-en-shuttles\/trein\/\" \/>\n<meta property=\"og:locale\" content=\"nl_NL\" \/>\n<meta property=\"og:type\" content=\"article\" \/>\n<meta property=\"og:title\" content=\"Trein - Pays des \u00c9crins - Office de Tourisme\" \/>\n<meta property=\"og:description\" content=\"U kunt bijvoorbeeld direct uw tickets vinden voor: Parijs \u2013 L&#8217;Argenti\u00e8re-les-\u00c9crins, trein Marseille \u2013 L&#8217;Argenti\u00e8re-les-\u00c9crins , of bus Chamb\u00e9ry \u2013 [&hellip;]\" \/>\n<meta property=\"og:url\" content=\"https:\/\/www.paysdesecrins.com\/nl\/ik-kies\/toegang-en-shuttles\/trein\/\" \/>\n<meta property=\"og:site_name\" content=\"Pays des \u00c9crins - Office de Tourisme\" \/>\n<meta property=\"article:modified_time\" content=\"2025-07-29T11:45:15+00:00\" \/>\n<meta property=\"og:image\" content=\"https:\/\/www.paysdesecrins.com\/wp-content\/uploads\/2025\/07\/argentiere-la-bessee-27-scaled.jpg\" \/>\n\t<meta property=\"og:image:width\" content=\"2560\" \/>\n\t<meta property=\"og:image:height\" content=\"1707\" \/>\n\t<meta property=\"og:image:type\" content=\"image\/jpeg\" \/>\n<meta name=\"twitter:card\" content=\"summary_large_image\" \/>\n<meta name=\"twitter:label1\" content=\"Geschatte leestijd\" \/>\n\t<meta name=\"twitter:data1\" content=\"1 minuut\" \/>\n<script type=\"application\/ld+json\" class=\"yoast-schema-graph\">{\"@context\":\"https:\\\/\\\/schema.org\",\"@graph\":[{\"@type\":\"WebPage\",\"@id\":\"https:\\\/\\\/www.paysdesecrins.com\\\/nl\\\/ik-kies\\\/toegang-en-shuttles\\\/trein\\\/\",\"url\":\"https:\\\/\\\/www.paysdesecrins.com\\\/nl\\\/ik-kies\\\/toegang-en-shuttles\\\/trein\\\/\",\"name\":\"Trein - Pays des \u00c9crins - Office de Tourisme\",\"isPartOf\":{\"@id\":\"https:\\\/\\\/www.paysdesecrins.com\\\/nl\\\/#website\"},\"primaryImageOfPage\":{\"@id\":\"https:\\\/\\\/www.paysdesecrins.com\\\/nl\\\/ik-kies\\\/toegang-en-shuttles\\\/trein\\\/#primaryimage\"},\"image\":{\"@id\":\"https:\\\/\\\/www.paysdesecrins.com\\\/nl\\\/ik-kies\\\/toegang-en-shuttles\\\/trein\\\/#primaryimage\"},\"thumbnailUrl\":\"https:\\\/\\\/www.paysdesecrins.com\\\/wp-content\\\/uploads\\\/2025\\\/07\\\/argentiere-la-bessee-27-scaled.jpg\",\"datePublished\":\"2025-07-29T09:59:50+00:00\",\"dateModified\":\"2025-07-29T11:45:15+00:00\",\"breadcrumb\":{\"@id\":\"https:\\\/\\\/www.paysdesecrins.com\\\/nl\\\/ik-kies\\\/toegang-en-shuttles\\\/trein\\\/#breadcrumb\"},\"inLanguage\":\"nl-NL\",\"potentialAction\":[{\"@type\":\"ReadAction\",\"target\":[\"https:\\\/\\\/www.paysdesecrins.com\\\/nl\\\/ik-kies\\\/toegang-en-shuttles\\\/trein\\\/\"]}]},{\"@type\":\"ImageObject\",\"inLanguage\":\"nl-NL\",\"@id\":\"https:\\\/\\\/www.paysdesecrins.com\\\/nl\\\/ik-kies\\\/toegang-en-shuttles\\\/trein\\\/#primaryimage\",\"url\":\"https:\\\/\\\/www.paysdesecrins.com\\\/wp-content\\\/uploads\\\/2025\\\/07\\\/argentiere-la-bessee-27-scaled.jpg\",\"contentUrl\":\"https:\\\/\\\/www.paysdesecrins.com\\\/wp-content\\\/uploads\\\/2025\\\/07\\\/argentiere-la-bessee-27-scaled.jpg\",\"width\":2560,\"height\":1707},{\"@type\":\"BreadcrumbList\",\"@id\":\"https:\\\/\\\/www.paysdesecrins.com\\\/nl\\\/ik-kies\\\/toegang-en-shuttles\\\/trein\\\/#breadcrumb\",\"itemListElement\":[{\"@type\":\"ListItem\",\"position\":1,\"name\":\"Accueil\",\"item\":\"https:\\\/\\\/www.paysdesecrins.com\\\/nl\\\/de-titel-van-het-huis\\\/\"},{\"@type\":\"ListItem\",\"position\":2,\"name\":\"Ik kies\",\"item\":\"https:\\\/\\\/www.paysdesecrins.com\\\/nl\\\/ik-kies\\\/\"},{\"@type\":\"ListItem\",\"position\":3,\"name\":\"Toegang en vervoer\",\"item\":\"https:\\\/\\\/www.paysdesecrins.com\\\/nl\\\/ik-kies\\\/toegang-en-shuttles\\\/\"},{\"@type\":\"ListItem\",\"position\":4,\"name\":\"Trein\"}]},{\"@type\":\"WebSite\",\"@id\":\"https:\\\/\\\/www.paysdesecrins.com\\\/nl\\\/#website\",\"url\":\"https:\\\/\\\/www.paysdesecrins.com\\\/nl\\\/\",\"name\":\"Pays des \u00c9crins - Office de Tourisme\",\"description\":\"L&#039;esprit montagne\",\"publisher\":{\"@id\":\"https:\\\/\\\/www.paysdesecrins.com\\\/nl\\\/#organization\"},\"potentialAction\":[{\"@type\":\"SearchAction\",\"target\":{\"@type\":\"EntryPoint\",\"urlTemplate\":\"https:\\\/\\\/www.paysdesecrins.com\\\/nl\\\/?s={search_term_string}\"},\"query-input\":{\"@type\":\"PropertyValueSpecification\",\"valueRequired\":true,\"valueName\":\"search_term_string\"}}],\"inLanguage\":\"nl-NL\"},{\"@type\":\"Organization\",\"@id\":\"https:\\\/\\\/www.paysdesecrins.com\\\/nl\\\/#organization\",\"name\":\"Pays des \u00c9crins - Office de Tourisme\",\"url\":\"https:\\\/\\\/www.paysdesecrins.com\\\/nl\\\/\",\"logo\":{\"@type\":\"ImageObject\",\"inLanguage\":\"nl-NL\",\"@id\":\"https:\\\/\\\/www.paysdesecrins.com\\\/nl\\\/#\\\/schema\\\/logo\\\/image\\\/\",\"url\":\"https:\\\/\\\/www.paysdesecrins.com\\\/wp-content\\\/uploads\\\/2025\\\/06\\\/devina-svg-1750845694.svg\",\"contentUrl\":\"https:\\\/\\\/www.paysdesecrins.com\\\/wp-content\\\/uploads\\\/2025\\\/06\\\/devina-svg-1750845694.svg\",\"caption\":\"Pays des \u00c9crins - Office de Tourisme\"},\"image\":{\"@id\":\"https:\\\/\\\/www.paysdesecrins.com\\\/nl\\\/#\\\/schema\\\/logo\\\/image\\\/\"}}]}<\/script>\n<!-- \/ Yoast SEO plugin. -->","yoast_head_json":{"title":"Trein - Pays des \u00c9crins - Office de Tourisme","robots":{"index":"index","follow":"follow","max-snippet":"max-snippet:-1","max-image-preview":"max-image-preview:large","max-video-preview":"max-video-preview:-1"},"canonical":"https:\/\/www.paysdesecrins.com\/nl\/ik-kies\/toegang-en-shuttles\/trein\/","og_locale":"nl_NL","og_type":"article","og_title":"Trein - Pays des \u00c9crins - Office de Tourisme","og_description":"U kunt bijvoorbeeld direct uw tickets vinden voor: Parijs \u2013 L&#8217;Argenti\u00e8re-les-\u00c9crins, trein Marseille \u2013 L&#8217;Argenti\u00e8re-les-\u00c9crins , of bus Chamb\u00e9ry \u2013 [&hellip;]","og_url":"https:\/\/www.paysdesecrins.com\/nl\/ik-kies\/toegang-en-shuttles\/trein\/","og_site_name":"Pays des \u00c9crins - Office de Tourisme","article_modified_time":"2025-07-29T11:45:15+00:00","og_image":[{"width":2560,"height":1707,"url":"https:\/\/www.paysdesecrins.com\/wp-content\/uploads\/2025\/07\/argentiere-la-bessee-27-scaled.jpg","type":"image\/jpeg"}],"twitter_card":"summary_large_image","twitter_misc":{"Geschatte leestijd":"1 minuut"},"schema":{"@context":"https:\/\/schema.org","@graph":[{"@type":"WebPage","@id":"https:\/\/www.paysdesecrins.com\/nl\/ik-kies\/toegang-en-shuttles\/trein\/","url":"https:\/\/www.paysdesecrins.com\/nl\/ik-kies\/toegang-en-shuttles\/trein\/","name":"Trein - Pays des \u00c9crins - Office de Tourisme","isPartOf":{"@id":"https:\/\/www.paysdesecrins.com\/nl\/#website"},"primaryImageOfPage":{"@id":"https:\/\/www.paysdesecrins.com\/nl\/ik-kies\/toegang-en-shuttles\/trein\/#primaryimage"},"image":{"@id":"https:\/\/www.paysdesecrins.com\/nl\/ik-kies\/toegang-en-shuttles\/trein\/#primaryimage"},"thumbnailUrl":"https:\/\/www.paysdesecrins.com\/wp-content\/uploads\/2025\/07\/argentiere-la-bessee-27-scaled.jpg","datePublished":"2025-07-29T09:59:50+00:00","dateModified":"2025-07-29T11:45:15+00:00","breadcrumb":{"@id":"https:\/\/www.paysdesecrins.com\/nl\/ik-kies\/toegang-en-shuttles\/trein\/#breadcrumb"},"inLanguage":"nl-NL","potentialAction":[{"@type":"ReadAction","target":["https:\/\/www.paysdesecrins.com\/nl\/ik-kies\/toegang-en-shuttles\/trein\/"]}]},{"@type":"ImageObject","inLanguage":"nl-NL","@id":"https:\/\/www.paysdesecrins.com\/nl\/ik-kies\/toegang-en-shuttles\/trein\/#primaryimage","url":"https:\/\/www.paysdesecrins.com\/wp-content\/uploads\/2025\/07\/argentiere-la-bessee-27-scaled.jpg","contentUrl":"https:\/\/www.paysdesecrins.com\/wp-content\/uploads\/2025\/07\/argentiere-la-bessee-27-scaled.jpg","width":2560,"height":1707},{"@type":"BreadcrumbList","@id":"https:\/\/www.paysdesecrins.com\/nl\/ik-kies\/toegang-en-shuttles\/trein\/#breadcrumb","itemListElement":[{"@type":"ListItem","position":1,"name":"Accueil","item":"https:\/\/www.paysdesecrins.com\/nl\/de-titel-van-het-huis\/"},{"@type":"ListItem","position":2,"name":"Ik kies","item":"https:\/\/www.paysdesecrins.com\/nl\/ik-kies\/"},{"@type":"ListItem","position":3,"name":"Toegang en vervoer","item":"https:\/\/www.paysdesecrins.com\/nl\/ik-kies\/toegang-en-shuttles\/"},{"@type":"ListItem","position":4,"name":"Trein"}]},{"@type":"WebSite","@id":"https:\/\/www.paysdesecrins.com\/nl\/#website","url":"https:\/\/www.paysdesecrins.com\/nl\/","name":"Pays des \u00c9crins - Office de Tourisme","description":"L&#039;esprit montagne","publisher":{"@id":"https:\/\/www.paysdesecrins.com\/nl\/#organization"},"potentialAction":[{"@type":"SearchAction","target":{"@type":"EntryPoint","urlTemplate":"https:\/\/www.paysdesecrins.com\/nl\/?s={search_term_string}"},"query-input":{"@type":"PropertyValueSpecification","valueRequired":true,"valueName":"search_term_string"}}],"inLanguage":"nl-NL"},{"@type":"Organization","@id":"https:\/\/www.paysdesecrins.com\/nl\/#organization","name":"Pays des \u00c9crins - Office de Tourisme","url":"https:\/\/www.paysdesecrins.com\/nl\/","logo":{"@type":"ImageObject","inLanguage":"nl-NL","@id":"https:\/\/www.paysdesecrins.com\/nl\/#\/schema\/logo\/image\/","url":"https:\/\/www.paysdesecrins.com\/wp-content\/uploads\/2025\/06\/devina-svg-1750845694.svg","contentUrl":"https:\/\/www.paysdesecrins.com\/wp-content\/uploads\/2025\/06\/devina-svg-1750845694.svg","caption":"Pays des \u00c9crins - Office de Tourisme"},"image":{"@id":"https:\/\/www.paysdesecrins.com\/nl\/#\/schema\/logo\/image\/"}}]}},"_links":{"self":[{"href":"https:\/\/www.paysdesecrins.com\/nl\/wp-json\/wp\/v2\/pages\/48912","targetHints":{"allow":["GET"]}}],"collection":[{"href":"https:\/\/www.paysdesecrins.com\/nl\/wp-json\/wp\/v2\/pages"}],"about":[{"href":"https:\/\/www.paysdesecrins.com\/nl\/wp-json\/wp\/v2\/types\/page"}],"author":[{"embeddable":true,"href":"https:\/\/www.paysdesecrins.com\/nl\/wp-json\/wp\/v2\/users\/9"}],"replies":[{"embeddable":true,"href":"https:\/\/www.paysdesecrins.com\/nl\/wp-json\/wp\/v2\/comments?post=48912"}],"version-history":[{"count":0,"href":"https:\/\/www.paysdesecrins.com\/nl\/wp-json\/wp\/v2\/pages\/48912\/revisions"}],"up":[{"embeddable":true,"href":"https:\/\/www.paysdesecrins.com\/nl\/wp-json\/wp\/v2\/pages\/45936"}],"wp:featuredmedia":[{"embeddable":true,"href":"https:\/\/www.paysdesecrins.com\/nl\/wp-json\/wp\/v2\/media\/48905"}],"wp:attachment":[{"href":"https:\/\/www.paysdesecrins.com\/nl\/wp-json\/wp\/v2\/media?parent=48912"}],"curies":[{"name":"wp","href":"https:\/\/api.w.org\/{rel}","templated":true}]}}